{"id":37871,"date":"2024-10-28T13:52:50","date_gmt":"2024-10-28T13:52:50","guid":{"rendered":"https:\/\/www.afprofilters.com\/?page_id=37871"},"modified":"2026-03-30T16:39:50","modified_gmt":"2026-03-30T16:39:50","slug":"spoleczna-odpowiedzialnosc-biznesu","status":"publish","type":"page","link":"https:\/\/www.afprofilters.com\/pl\/spoleczna-odpowiedzialnosc-biznesu\/","title":{"rendered":"Spo\u0142eczna odpowiedzialno\u015b\u0107 biznesu"},"content":{"rendered":"\n<h3 class=\"wp-block-heading\"><strong>Czym jest CSR?<\/strong><\/h3>\n\n\n\n<p>Spo\u0142eczna Odpowiedzialno\u015b\u0107 Biznesu (CSR) odnosi si\u0119 do zaanga\u017cowania firm w integracj\u0119 kwestii spo\u0142ecznych, \u015brodowiskowych i ekonomicznych w ich dzia\u0142alno\u015b\u0107 oraz interakcje z interesariuszami. Jest to podej\u015bcie maj\u0105ce na celu przyczynianie si\u0119 do zr\u00f3wnowa\u017conego rozwoju, z uwzgl\u0119dnieniem wp\u0142ywu naszych decyzji na spo\u0142ecze\u0144stwo i \u015brodowisko.<\/p>\n\n\n\n<div style=\"height:31px\" aria-hidden=\"true\" class=\"wp-block-spacer\"><\/div>\n\n\n\n<h3 class=\"wp-block-heading\"><strong>Nasze zaanga\u017cowanie w CSR<\/strong><\/h3>\n\n\n\n<p>W AFPRO wierzymy, \u017ce nasz sukces mierzy si\u0119 nie tylko wynikami finansowymi, ale tak\u017ce pozytywnym wp\u0142ywem na spo\u0142ecze\u0144stwo i \u015brodowisko. Dlatego przyj\u0119li\u015bmy proaktywne podej\u015bcie do CSR. Jeste\u015bmy zobowi\u0105zani do:<\/p>\n\n\n\n<div class=\"wp-block-columns are-vertically-aligned-center is-layout-flex wp-container-core-columns-is-layout-9d6595d7 wp-block-columns-is-layout-flex\">\n<div class=\"wp-block-column is-vertically-aligned-center is-layout-flow wp-block-column-is-layout-flow\" style=\"flex-basis:65%\">\n<ul class=\"wp-block-list\">\n<li><strong>Promowanie zr\u00f3wnowa\u017conych praktyk:<\/strong><br><br>Wprowadzamy inicjatywy maj\u0105ce na celu redukcj\u0119 naszego \u015bladu w\u0119glowego, oszcz\u0119dno\u015b\u0107 zasob\u00f3w naturalnych oraz promowanie wykorzystania materia\u0142\u00f3w nadaj\u0105cych si\u0119 do recyklingu.<br><\/li>\n\n\n\n<li><strong>Wspieranie inkluzywno\u015bci i r\u00f3\u017cnorodno\u015bci:<\/strong><br><br>Wierzymy w znaczenie inkluzywnego \u015brodowiska pracy, w kt\u00f3rym ka\u017cdy ma mo\u017cliwo\u015b\u0107 rozwoju. Promujemy r\u00f3\u017cnorodno\u015b\u0107 i r\u00f3wne szanse w naszym zespole.<br><\/li>\n\n\n\n<li><strong>Wk\u0142ad w rozw\u00f3j lokalnych spo\u0142eczno\u015bci:<\/strong><br><br>Wspieramy projekty i inicjatywy, kt\u00f3re pozytywnie wp\u0142ywaj\u0105 na spo\u0142eczno\u015bci, w kt\u00f3rych dzia\u0142amy, poprzez zach\u0119canie do wolontariatu i wspieranie lokalnych organizacji.<br><\/li>\n<\/ul>\n<\/div>\n\n\n\n<div class=\"wp-block-column is-vertically-aligned-center is-layout-flow wp-block-column-is-layout-flow\" style=\"flex-basis:35%\">\n<figure class=\"wp-block-image size-full\"><img decoding=\"async\" src=\"http:\/\/www.afprofilters.com\/wp-content\/uploads\/2026\/01\/CSR-Report-2025-1.jpg\" alt=\"\" class=\"wp-image-37639\" \/><\/figure>\n<\/div>\n<\/div>\n\n\n\n<div style=\"height:31px\" aria-hidden=\"true\" class=\"wp-block-spacer\"><\/div>\n\n\n\n<figure class=\"wp-block-image alignwide size-large\"><a href=\"http:\/\/www.afprofilters.com\/wp-content\/uploads\/2026\/03\/180226_AFPRO_GUIDE-RSE-2026_PL_V3.pdf\" target=\"_blank\" rel=\"noopener\"><img decoding=\"async\" src=\"http:\/\/www.afprofilters.com\/wp-content\/uploads\/2026\/01\/CSR-25-Webpage-PL-1.jpg\" alt=\"\" class=\"wp-image-40596\" \/><\/a><\/figure>\n\n\n\n<div style=\"height:31px\" aria-hidden=\"true\" class=\"wp-block-spacer\"><\/div>\n\n\n\n<h3 class=\"wp-block-heading\"><strong>Nasz raport CSR<\/strong><\/h3>\n\n\n\n<p>Co roku publikujemy raport CSR, kt\u00f3ry opisuje nasze inicjatywy, wyniki i cele zwi\u0105zane ze zr\u00f3wnowa\u017conym rozwojem. Raport ten jest narz\u0119dziem zapewniaj\u0105cym przejrzysto\u015b\u0107 i odpowiedzialno\u015b\u0107, umo\u017cliwiaj\u0105c interesariuszom \u015bledzenie naszych post\u0119p\u00f3w i zrozumienie, w jaki spos\u00f3b integrujemy CSR z nasz\u0105 og\u00f3ln\u0105 strategi\u0105.<\/p>\n\n\n\n<p>Raport obejmuje szeroki zakres temat\u00f3w, w tym:<\/p>\n\n\n\n<ul class=\"wp-block-list\">\n<li><strong>\u015arodowisko:<\/strong> Nasze dzia\u0142ania na rzecz ochrony planety poprzez efektywno\u015b\u0107 energetyczn\u0105, redukcj\u0119 odpad\u00f3w i zr\u00f3wnowa\u017cone pozyskiwanie surowc\u00f3w.<\/li>\n\n\n\n<li><strong>Spo\u0142ecze\u0144stwo:<\/strong> Nasze zaanga\u017cowanie wobec ludno\u015bci, zapewnienie dobrostanu, r\u00f3wno\u015bci i zaanga\u017cowania spo\u0142eczno\u015bci.<\/li>\n\n\n\n<li><strong>Z<strong>arz\u0105dzanie<\/strong>:<\/strong> Nasz nacisk na etyk\u0119, transparentno\u015b\u0107 i odpowiedzialne podejmowanie decyzji.<\/li>\n<\/ul>\n\n\n\n<p>Wierzymy w przejrzysto\u015b\u0107 i odpowiedzialno\u015b\u0107. Dlatego nasz raport CSR jest dost\u0119pny online dla wszystkich. Dost\u0119p do naszego raportu CSR mo\u017cna uzyska\u0107, <a href=\"http:\/\/www.afprofilters.com\/wp-content\/uploads\/2026\/03\/180226_AFPRO_GUIDE-RSE-2026_PL_V3.pdf\" target=\"_blank\" rel=\"noreferrer noopener\">klikaj\u0105c tutaj<\/a>.<\/p>\n\n\n\n<p><\/p>\n","protected":false},"excerpt":{"rendered":"<p>Czym jest CSR? Spo\u0142eczna Odpowiedzialno\u015b\u0107 Biznesu (CSR) odnosi si\u0119 do zaanga\u017cowania firm w integracj\u0119 kwestii spo\u0142ecznych, \u015brodowiskowych i ekonomicznych w ich dzia\u0142alno\u015b\u0107 oraz interakcje z interesariuszami. Jest to podej\u015bcie maj\u0105ce na celu przyczynianie si\u0119 do zr\u00f3wnowa\u017conego rozwoju, z uwzgl\u0119dnieniem wp\u0142ywu naszych decyzji na spo\u0142ecze\u0144stwo i \u015brodowisko. Nasze zaanga\u017cowanie w CSR W AFPRO wierzymy, \u017ce nasz [&hellip;]<\/p>\n","protected":false},"author":2,"featured_media":0,"parent":0,"menu_order":0,"comment_status":"closed","ping_status":"closed","template":"","meta":{"_acf_changed":false,"footnotes":""},"class_list":["post-37871","page","type-page","status-publish","hentry"],"acf":[],"yoast_head":"<!-- This site is optimized with the Yoast SEO plugin v27.3 - https:\/\/yoast.com\/product\/yoast-seo-wordpress\/ -->\n<title>Spo\u0142eczna odpowiedzialno\u015b\u0107 biznesu - AFPRO<\/title>\n<meta name=\"description\" content=\"CSR odnosi si\u0119 do zaanga\u017cowania firm w integracj\u0119 kwestii spo\u0142ecznych, \u015brodowiskowych i ekonomicznych w ich dzia\u0142alno\u015b\u0107 oraz interakcje z interesariuszami.\" \/>\n<meta name=\"robots\" content=\"index, follow, max-snippet:-1, max-image-preview:large, max-video-preview:-1\" \/>\n<link rel=\"canonical\" href=\"https:\/\/www.afprofilters.com\/pl\/spoleczna-odpowiedzialnosc-biznesu\/\" \/>\n<meta property=\"og:locale\" content=\"pl_PL\" \/>\n<meta property=\"og:type\" content=\"article\" \/>\n<meta property=\"og:title\" content=\"Spo\u0142eczna odpowiedzialno\u015b\u0107 biznesu - AFPRO\" \/>\n<meta property=\"og:description\" content=\"CSR odnosi si\u0119 do zaanga\u017cowania firm w integracj\u0119 kwestii spo\u0142ecznych, \u015brodowiskowych i ekonomicznych w ich dzia\u0142alno\u015b\u0107 oraz interakcje z interesariuszami.\" \/>\n<meta property=\"og:url\" content=\"https:\/\/www.afprofilters.com\/pl\/spoleczna-odpowiedzialnosc-biznesu\/\" \/>\n<meta property=\"og:site_name\" content=\"AFPRO\" \/>\n<meta property=\"article:modified_time\" content=\"2026-03-30T16:39:50+00:00\" \/>\n<meta property=\"og:image\" content=\"https:\/\/www.afprofilters.com\/wp-content\/uploads\/2024\/10\/Campaign-image-HQ-1-1.png\" \/>\n\t<meta property=\"og:image:width\" content=\"1150\" \/>\n\t<meta property=\"og:image:height\" content=\"889\" \/>\n\t<meta property=\"og:image:type\" content=\"image\/png\" \/>\n<meta name=\"twitter:card\" content=\"summary_large_image\" \/>\n<meta name=\"twitter:label1\" content=\"Szacowany czas czytania\" \/>\n\t<meta name=\"twitter:data1\" content=\"2 minuty\" \/>\n<script type=\"application\/ld+json\" class=\"yoast-schema-graph\">{\"@context\":\"https:\\\/\\\/schema.org\",\"@graph\":[{\"@type\":\"WebPage\",\"@id\":\"https:\\\/\\\/www.afprofilters.com\\\/pl\\\/spoleczna-odpowiedzialnosc-biznesu\\\/\",\"url\":\"https:\\\/\\\/www.afprofilters.com\\\/pl\\\/spoleczna-odpowiedzialnosc-biznesu\\\/\",\"name\":\"Spo\u0142eczna odpowiedzialno\u015b\u0107 biznesu - AFPRO\",\"isPartOf\":{\"@id\":\"https:\\\/\\\/www.afprofilters.com\\\/pl\\\/#website\"},\"primaryImageOfPage\":{\"@id\":\"https:\\\/\\\/www.afprofilters.com\\\/pl\\\/spoleczna-odpowiedzialnosc-biznesu\\\/#primaryimage\"},\"image\":{\"@id\":\"https:\\\/\\\/www.afprofilters.com\\\/pl\\\/spoleczna-odpowiedzialnosc-biznesu\\\/#primaryimage\"},\"thumbnailUrl\":\"http:\\\/\\\/www.afprofilters.com\\\/wp-content\\\/uploads\\\/2026\\\/01\\\/CSR-Report-2025-1.jpg\",\"datePublished\":\"2024-10-28T13:52:50+00:00\",\"dateModified\":\"2026-03-30T16:39:50+00:00\",\"description\":\"CSR odnosi si\u0119 do zaanga\u017cowania firm w integracj\u0119 kwestii spo\u0142ecznych, \u015brodowiskowych i ekonomicznych w ich dzia\u0142alno\u015b\u0107 oraz interakcje z interesariuszami.\",\"breadcrumb\":{\"@id\":\"https:\\\/\\\/www.afprofilters.com\\\/pl\\\/spoleczna-odpowiedzialnosc-biznesu\\\/#breadcrumb\"},\"inLanguage\":\"pl-PL\",\"potentialAction\":[{\"@type\":\"ReadAction\",\"target\":[\"https:\\\/\\\/www.afprofilters.com\\\/pl\\\/spoleczna-odpowiedzialnosc-biznesu\\\/\"]}]},{\"@type\":\"ImageObject\",\"inLanguage\":\"pl-PL\",\"@id\":\"https:\\\/\\\/www.afprofilters.com\\\/pl\\\/spoleczna-odpowiedzialnosc-biznesu\\\/#primaryimage\",\"url\":\"http:\\\/\\\/www.afprofilters.com\\\/wp-content\\\/uploads\\\/2026\\\/01\\\/CSR-Report-2025-1.jpg\",\"contentUrl\":\"http:\\\/\\\/www.afprofilters.com\\\/wp-content\\\/uploads\\\/2026\\\/01\\\/CSR-Report-2025-1.jpg\"},{\"@type\":\"BreadcrumbList\",\"@id\":\"https:\\\/\\\/www.afprofilters.com\\\/pl\\\/spoleczna-odpowiedzialnosc-biznesu\\\/#breadcrumb\",\"itemListElement\":[{\"@type\":\"ListItem\",\"position\":1,\"name\":\"\",\"item\":\"https:\\\/\\\/www.afprofilters.com\\\/pl\\\/\"},{\"@type\":\"ListItem\",\"position\":2,\"name\":\"Spo\u0142eczna odpowiedzialno\u015b\u0107 biznesu\"}]},{\"@type\":\"WebSite\",\"@id\":\"https:\\\/\\\/www.afprofilters.com\\\/pl\\\/#website\",\"url\":\"https:\\\/\\\/www.afprofilters.com\\\/pl\\\/\",\"name\":\"AFPRO\",\"description\":\"AFPRO Filters\",\"publisher\":{\"@id\":\"https:\\\/\\\/www.afprofilters.com\\\/pl\\\/#organization\"},\"potentialAction\":[{\"@type\":\"SearchAction\",\"target\":{\"@type\":\"EntryPoint\",\"urlTemplate\":\"https:\\\/\\\/www.afprofilters.com\\\/pl\\\/?s={search_term_string}\"},\"query-input\":{\"@type\":\"PropertyValueSpecification\",\"valueRequired\":true,\"valueName\":\"search_term_string\"}}],\"inLanguage\":\"pl-PL\"},{\"@type\":\"Organization\",\"@id\":\"https:\\\/\\\/www.afprofilters.com\\\/pl\\\/#organization\",\"name\":\"AFPRO\",\"url\":\"https:\\\/\\\/www.afprofilters.com\\\/pl\\\/\",\"logo\":{\"@type\":\"ImageObject\",\"inLanguage\":\"pl-PL\",\"@id\":\"https:\\\/\\\/www.afprofilters.com\\\/pl\\\/#\\\/schema\\\/logo\\\/image\\\/\",\"url\":\"https:\\\/\\\/www.afprofilters.com\\\/wp-content\\\/uploads\\\/2021\\\/05\\\/AFPRO-logo.png\",\"contentUrl\":\"https:\\\/\\\/www.afprofilters.com\\\/wp-content\\\/uploads\\\/2021\\\/05\\\/AFPRO-logo.png\",\"width\":640,\"height\":177,\"caption\":\"AFPRO\"},\"image\":{\"@id\":\"https:\\\/\\\/www.afprofilters.com\\\/pl\\\/#\\\/schema\\\/logo\\\/image\\\/\"}}]}<\/script>\n<!-- \/ Yoast SEO plugin. -->","yoast_head_json":{"title":"Spo\u0142eczna odpowiedzialno\u015b\u0107 biznesu - AFPRO","description":"CSR odnosi si\u0119 do zaanga\u017cowania firm w integracj\u0119 kwestii spo\u0142ecznych, \u015brodowiskowych i ekonomicznych w ich dzia\u0142alno\u015b\u0107 oraz interakcje z interesariuszami.","robots":{"index":"index","follow":"follow","max-snippet":"max-snippet:-1","max-image-preview":"max-image-preview:large","max-video-preview":"max-video-preview:-1"},"canonical":"https:\/\/www.afprofilters.com\/pl\/spoleczna-odpowiedzialnosc-biznesu\/","og_locale":"pl_PL","og_type":"article","og_title":"Spo\u0142eczna odpowiedzialno\u015b\u0107 biznesu - AFPRO","og_description":"CSR odnosi si\u0119 do zaanga\u017cowania firm w integracj\u0119 kwestii spo\u0142ecznych, \u015brodowiskowych i ekonomicznych w ich dzia\u0142alno\u015b\u0107 oraz interakcje z interesariuszami.","og_url":"https:\/\/www.afprofilters.com\/pl\/spoleczna-odpowiedzialnosc-biznesu\/","og_site_name":"AFPRO","article_modified_time":"2026-03-30T16:39:50+00:00","og_image":[{"width":1150,"height":889,"url":"https:\/\/www.afprofilters.com\/wp-content\/uploads\/2024\/10\/Campaign-image-HQ-1-1.png","type":"image\/png"}],"twitter_card":"summary_large_image","twitter_misc":{"Szacowany czas czytania":"2 minuty"},"schema":{"@context":"https:\/\/schema.org","@graph":[{"@type":"WebPage","@id":"https:\/\/www.afprofilters.com\/pl\/spoleczna-odpowiedzialnosc-biznesu\/","url":"https:\/\/www.afprofilters.com\/pl\/spoleczna-odpowiedzialnosc-biznesu\/","name":"Spo\u0142eczna odpowiedzialno\u015b\u0107 biznesu - AFPRO","isPartOf":{"@id":"https:\/\/www.afprofilters.com\/pl\/#website"},"primaryImageOfPage":{"@id":"https:\/\/www.afprofilters.com\/pl\/spoleczna-odpowiedzialnosc-biznesu\/#primaryimage"},"image":{"@id":"https:\/\/www.afprofilters.com\/pl\/spoleczna-odpowiedzialnosc-biznesu\/#primaryimage"},"thumbnailUrl":"http:\/\/www.afprofilters.com\/wp-content\/uploads\/2026\/01\/CSR-Report-2025-1.jpg","datePublished":"2024-10-28T13:52:50+00:00","dateModified":"2026-03-30T16:39:50+00:00","description":"CSR odnosi si\u0119 do zaanga\u017cowania firm w integracj\u0119 kwestii spo\u0142ecznych, \u015brodowiskowych i ekonomicznych w ich dzia\u0142alno\u015b\u0107 oraz interakcje z interesariuszami.","breadcrumb":{"@id":"https:\/\/www.afprofilters.com\/pl\/spoleczna-odpowiedzialnosc-biznesu\/#breadcrumb"},"inLanguage":"pl-PL","potentialAction":[{"@type":"ReadAction","target":["https:\/\/www.afprofilters.com\/pl\/spoleczna-odpowiedzialnosc-biznesu\/"]}]},{"@type":"ImageObject","inLanguage":"pl-PL","@id":"https:\/\/www.afprofilters.com\/pl\/spoleczna-odpowiedzialnosc-biznesu\/#primaryimage","url":"http:\/\/www.afprofilters.com\/wp-content\/uploads\/2026\/01\/CSR-Report-2025-1.jpg","contentUrl":"http:\/\/www.afprofilters.com\/wp-content\/uploads\/2026\/01\/CSR-Report-2025-1.jpg"},{"@type":"BreadcrumbList","@id":"https:\/\/www.afprofilters.com\/pl\/spoleczna-odpowiedzialnosc-biznesu\/#breadcrumb","itemListElement":[{"@type":"ListItem","position":1,"name":"","item":"https:\/\/www.afprofilters.com\/pl\/"},{"@type":"ListItem","position":2,"name":"Spo\u0142eczna odpowiedzialno\u015b\u0107 biznesu"}]},{"@type":"WebSite","@id":"https:\/\/www.afprofilters.com\/pl\/#website","url":"https:\/\/www.afprofilters.com\/pl\/","name":"AFPRO","description":"AFPRO Filters","publisher":{"@id":"https:\/\/www.afprofilters.com\/pl\/#organization"},"potentialAction":[{"@type":"SearchAction","target":{"@type":"EntryPoint","urlTemplate":"https:\/\/www.afprofilters.com\/pl\/?s={search_term_string}"},"query-input":{"@type":"PropertyValueSpecification","valueRequired":true,"valueName":"search_term_string"}}],"inLanguage":"pl-PL"},{"@type":"Organization","@id":"https:\/\/www.afprofilters.com\/pl\/#organization","name":"AFPRO","url":"https:\/\/www.afprofilters.com\/pl\/","logo":{"@type":"ImageObject","inLanguage":"pl-PL","@id":"https:\/\/www.afprofilters.com\/pl\/#\/schema\/logo\/image\/","url":"https:\/\/www.afprofilters.com\/wp-content\/uploads\/2021\/05\/AFPRO-logo.png","contentUrl":"https:\/\/www.afprofilters.com\/wp-content\/uploads\/2021\/05\/AFPRO-logo.png","width":640,"height":177,"caption":"AFPRO"},"image":{"@id":"https:\/\/www.afprofilters.com\/pl\/#\/schema\/logo\/image\/"}}]}},"_links":{"self":[{"href":"https:\/\/www.afprofilters.com\/pl\/wp-json\/wp\/v2\/pages\/37871","targetHints":{"allow":["GET"]}}],"collection":[{"href":"https:\/\/www.afprofilters.com\/pl\/wp-json\/wp\/v2\/pages"}],"about":[{"href":"https:\/\/www.afprofilters.com\/pl\/wp-json\/wp\/v2\/types\/page"}],"author":[{"embeddable":true,"href":"https:\/\/www.afprofilters.com\/pl\/wp-json\/wp\/v2\/users\/2"}],"replies":[{"embeddable":true,"href":"https:\/\/www.afprofilters.com\/pl\/wp-json\/wp\/v2\/comments?post=37871"}],"version-history":[{"count":0,"href":"https:\/\/www.afprofilters.com\/pl\/wp-json\/wp\/v2\/pages\/37871\/revisions"}],"wp:attachment":[{"href":"https:\/\/www.afprofilters.com\/pl\/wp-json\/wp\/v2\/media?parent=37871"}],"curies":[{"name":"wp","href":"https:\/\/api.w.org\/{rel}","templated":true}]}}